{"id":4470,"date":"2022-11-07T11:49:55","date_gmt":"2022-11-07T11:49:55","guid":{"rendered":"https:\/\/www.notseig.fr\/?page_id=4470"},"modified":"2022-11-07T11:50:54","modified_gmt":"2022-11-07T11:50:54","slug":"mentions-legales","status":"publish","type":"page","link":"https:\/\/notseig.fr\/en\/mentions-legales\/","title":{"rendered":"Mentions l\u00e9gales"},"content":{"rendered":"<div data-elementor-type=\"wp-page\" data-elementor-id=\"4470\" class=\"elementor elementor-4470\" data-elementor-post-type=\"page\">\n\t\t\t\t\t\t<section class=\"elementor-section elementor-top-section elementor-element elementor-element-aabd695 elementor-section-stretched elementor-section-boxed elementor-section-height-default elementor-section-height-default\" data-id=\"aabd695\" data-element_type=\"section\" data-settings=\"{&quot;stretch_section&quot;:&quot;section-stretched&quot;}\">\n\t\t\t\t\t\t<div class=\"elementor-container elementor-column-gap-default\">\n\t\t\t\t\t<div class=\"elementor-column elementor-col-100 elementor-top-column elementor-element elementor-element-4146964\" data-id=\"4146964\" data-element_type=\"column\">\n\t\t\t<div class=\"elementor-widget-wrap elementor-element-populated\">\n\t\t\t\t\t\t<div class=\"elementor-element elementor-element-633f811 elementor-widget elementor-widget-text-editor\" data-id=\"633f811\" data-element_type=\"widget\" data-widget_type=\"text-editor.default\">\n\t\t\t\t<div class=\"elementor-widget-container\">\n\t\t\t\t\t\t\t\t\t<p><strong>Mentions l\u00e9gales<\/strong><\/p><p>\u00a0<\/p><p>Propri\u00e9taire du site\u00a0: Pierre Badie alias Notseig &#8211; 32 route de Pressac &#8211; 87220 AUREIL<\/p><p>SIRET\u00a0: 885\u00a0303\u00a0503 00027<\/p><p>Activit\u00e9 en franchise de TVA\u00a0: \u00ab\u00a0TVA non applicable &#8211;\u00a0art 293B du Code G\u00e9n\u00e9ral des Imp\u00f4ts (CGI)\u00a0\u00bb<\/p><p>Nous contacter\u00a0:\u00a0 <a href=\"mailto:notseig@gmail.com\">notseig@gmail.com<\/a><\/p><p>\u00a0<\/p><p>Responsable de la publication\u00a0: Pierre Badie alias Notseig.<\/p><p>H\u00e9bergement\u00a0: O2SWITCH, Chemin des Pardiaux, 63000 Clermont-Ferrand <a href=\"https:\/\/www.o2switch.fr\/support-hebergeur\/\">contact<\/a><\/p><p><strong>\u00a0<\/strong><\/p><p><strong>Propri\u00e9t\u00e9 intellectuelle\u00a0\u2013 Droits d\u2019auteurs<\/strong><strong><br \/><\/strong><br \/>Tous les \u00e9l\u00e9ments contenus dans le site notseig.fr et dans les sites associ\u00e9s sont prot\u00e9g\u00e9s par le droit national et international de la propri\u00e9t\u00e9 intellectuelle. Il est ainsi interdit d\u2019utiliser des donn\u00e9es provenant de ce site internet sans avoir l\u2019accord de Pierre Badie, qui en d\u00e9tient la propri\u00e9t\u00e9 exclusive.\u00a0<\/p><p>\u00a0<\/p><p>Le non-respect de cette interdiction peut constituer un acte de contrefa\u00e7on passible de sanctions p\u00e9nales. Conform\u00e9ment aux dispositions du Code de propri\u00e9t\u00e9 Intellectuelle, seule est autoris\u00e9e l\u2019utilisation des \u00e9l\u00e9ments composant le site \u00e0 des fins strictement personnelles.<\/p><p>Les marques et logos reproduits sur ce site sont d\u00e9pos\u00e9s par les soci\u00e9t\u00e9s qui en sont propri\u00e9taires. Toute reproduction, r\u00e9\u00e9dition ou redistribution des noms ou logos, par quelque moyen que ce soit, sans autorisation pr\u00e9alable et \u00e9crite de leur titulaire concern\u00e9 est interdite par la loi.\u00a0<\/p>\t\t\t\t\t\t\t\t<\/div>\n\t\t\t\t<\/div>\n\t\t\t\t\t<\/div>\n\t\t<\/div>\n\t\t\t\t\t<\/div>\n\t\t<\/section>\n\t\t\t\t<\/div>","protected":false},"excerpt":{"rendered":"<p>Mentions l\u00e9gales \u00a0 Propri\u00e9taire du site\u00a0: Pierre Badie alias Notseig &#8211; 32 route de Pressac &#8211; 87220 AUREIL SIRET\u00a0: 885\u00a0303\u00a0503 00027 Activit\u00e9 en franchise de TVA\u00a0: \u00ab\u00a0TVA non applicable &#8211;\u00a0art 293B du Code G\u00e9n\u00e9ral des Imp\u00f4ts (CGI)\u00a0\u00bb Nous contacter\u00a0:\u00a0 notseig@gmail.com \u00a0 Responsable de la publication\u00a0: Pierre Badie alias Notseig. H\u00e9bergement\u00a0: O2SWITCH, Chemin des Pardiaux, 63000 Clermont-Ferrand contact \u00a0 Propri\u00e9t\u00e9 intellectuelle\u00a0\u2013 Droits d\u2019auteursTous les \u00e9l\u00e9ments contenus dans le site notseig.fr et dans les sites associ\u00e9s sont prot\u00e9g\u00e9s par le droit national [&hellip;]<\/p>","protected":false},"author":1,"featured_media":0,"parent":0,"menu_order":0,"comment_status":"closed","ping_status":"closed","template":"","meta":{"footnotes":""},"class_list":["post-4470","page","type-page","status-publish","hentry"],"yoast_head":"<!-- This site is optimized with the Yoast SEO plugin v26.6 - https:\/\/yoast.com\/wordpress\/plugins\/seo\/ -->\n<title>Mentions l\u00e9gales - Notseig<\/title>\n<meta name=\"robots\" content=\"index, follow, max-snippet:-1, max-image-preview:large, max-video-preview:-1\" \/>\n<link rel=\"canonical\" href=\"https:\/\/notseig.fr\/en\/mentions-legales\/\" \/>\n<meta property=\"og:locale\" content=\"en_US\" \/>\n<meta property=\"og:type\" content=\"article\" \/>\n<meta property=\"og:title\" content=\"Mentions l\u00e9gales - Notseig\" \/>\n<meta property=\"og:description\" content=\"Mentions l\u00e9gales \u00a0 Propri\u00e9taire du site\u00a0: Pierre Badie alias Notseig &#8211; 32 route de Pressac &#8211; 87220 AUREIL SIRET\u00a0: 885\u00a0303\u00a0503 00027 Activit\u00e9 en franchise de TVA\u00a0: \u00ab\u00a0TVA non applicable &#8211;\u00a0art 293B du Code G\u00e9n\u00e9ral des Imp\u00f4ts (CGI)\u00a0\u00bb Nous contacter\u00a0:\u00a0 notseig@gmail.com \u00a0 Responsable de la publication\u00a0: Pierre Badie alias Notseig. H\u00e9bergement\u00a0: O2SWITCH, Chemin des Pardiaux, 63000 Clermont-Ferrand contact \u00a0 Propri\u00e9t\u00e9 intellectuelle\u00a0\u2013 Droits d\u2019auteursTous les \u00e9l\u00e9ments contenus dans le site notseig.fr et dans les sites associ\u00e9s sont prot\u00e9g\u00e9s par le droit national [&hellip;]\" \/>\n<meta property=\"og:url\" content=\"https:\/\/notseig.fr\/en\/mentions-legales\/\" \/>\n<meta property=\"og:site_name\" content=\"Notseig\" \/>\n<meta property=\"article:modified_time\" content=\"2022-11-07T11:50:54+00:00\" \/>\n<meta name=\"twitter:card\" content=\"summary_large_image\" \/>\n<meta name=\"twitter:label1\" content=\"Est. reading time\" \/>\n\t<meta name=\"twitter:data1\" content=\"1 minute\" \/>\n<script type=\"application\/ld+json\" class=\"yoast-schema-graph\">{\"@context\":\"https:\/\/schema.org\",\"@graph\":[{\"@type\":\"WebPage\",\"@id\":\"https:\/\/notseig.fr\/mentions-legales\/\",\"url\":\"https:\/\/notseig.fr\/mentions-legales\/\",\"name\":\"Mentions l\u00e9gales - Notseig\",\"isPartOf\":{\"@id\":\"https:\/\/notseig.fr\/#website\"},\"datePublished\":\"2022-11-07T11:49:55+00:00\",\"dateModified\":\"2022-11-07T11:50:54+00:00\",\"breadcrumb\":{\"@id\":\"https:\/\/notseig.fr\/mentions-legales\/#breadcrumb\"},\"inLanguage\":\"en-US\",\"potentialAction\":[{\"@type\":\"ReadAction\",\"target\":[\"https:\/\/notseig.fr\/mentions-legales\/\"]}]},{\"@type\":\"BreadcrumbList\",\"@id\":\"https:\/\/notseig.fr\/mentions-legales\/#breadcrumb\",\"itemListElement\":[{\"@type\":\"ListItem\",\"position\":1,\"name\":\"Accueil\",\"item\":\"https:\/\/notseig.fr\/\"},{\"@type\":\"ListItem\",\"position\":2,\"name\":\"Mentions l\u00e9gales\"}]},{\"@type\":\"WebSite\",\"@id\":\"https:\/\/notseig.fr\/#website\",\"url\":\"https:\/\/notseig.fr\/\",\"name\":\"Notseig\",\"description\":\"\",\"publisher\":{\"@id\":\"https:\/\/notseig.fr\/#\/schema\/person\/5bd818343fca3f6a29e95ee189439d8c\"},\"potentialAction\":[{\"@type\":\"SearchAction\",\"target\":{\"@type\":\"EntryPoint\",\"urlTemplate\":\"https:\/\/notseig.fr\/?s={search_term_string}\"},\"query-input\":{\"@type\":\"PropertyValueSpecification\",\"valueRequired\":true,\"valueName\":\"search_term_string\"}}],\"inLanguage\":\"en-US\"},{\"@type\":[\"Person\",\"Organization\"],\"@id\":\"https:\/\/notseig.fr\/#\/schema\/person\/5bd818343fca3f6a29e95ee189439d8c\",\"name\":\"Notseig\",\"image\":{\"@type\":\"ImageObject\",\"inLanguage\":\"en-US\",\"@id\":\"https:\/\/notseig.fr\/#\/schema\/person\/image\/\",\"url\":\"https:\/\/2o11nsbymvl.preview.infomaniak.website\/wp-content\/uploads\/2024\/09\/cropped-logo-2-scaled-1.jpg\",\"contentUrl\":\"https:\/\/2o11nsbymvl.preview.infomaniak.website\/wp-content\/uploads\/2024\/09\/cropped-logo-2-scaled-1.jpg\",\"width\":512,\"height\":512,\"caption\":\"Notseig\"},\"logo\":{\"@id\":\"https:\/\/notseig.fr\/#\/schema\/person\/image\/\"}}]}<\/script>\n<!-- \/ Yoast SEO plugin. -->","yoast_head_json":{"title":"Mentions l\u00e9gales - Notseig","robots":{"index":"index","follow":"follow","max-snippet":"max-snippet:-1","max-image-preview":"max-image-preview:large","max-video-preview":"max-video-preview:-1"},"canonical":"https:\/\/notseig.fr\/en\/mentions-legales\/","og_locale":"en_US","og_type":"article","og_title":"Mentions l\u00e9gales - Notseig","og_description":"Mentions l\u00e9gales \u00a0 Propri\u00e9taire du site\u00a0: Pierre Badie alias Notseig &#8211; 32 route de Pressac &#8211; 87220 AUREIL SIRET\u00a0: 885\u00a0303\u00a0503 00027 Activit\u00e9 en franchise de TVA\u00a0: \u00ab\u00a0TVA non applicable &#8211;\u00a0art 293B du Code G\u00e9n\u00e9ral des Imp\u00f4ts (CGI)\u00a0\u00bb Nous contacter\u00a0:\u00a0 notseig@gmail.com \u00a0 Responsable de la publication\u00a0: Pierre Badie alias Notseig. H\u00e9bergement\u00a0: O2SWITCH, Chemin des Pardiaux, 63000 Clermont-Ferrand contact \u00a0 Propri\u00e9t\u00e9 intellectuelle\u00a0\u2013 Droits d\u2019auteursTous les \u00e9l\u00e9ments contenus dans le site notseig.fr et dans les sites associ\u00e9s sont prot\u00e9g\u00e9s par le droit national [&hellip;]","og_url":"https:\/\/notseig.fr\/en\/mentions-legales\/","og_site_name":"Notseig","article_modified_time":"2022-11-07T11:50:54+00:00","twitter_card":"summary_large_image","twitter_misc":{"Est. reading time":"1 minute"},"schema":{"@context":"https:\/\/schema.org","@graph":[{"@type":"WebPage","@id":"https:\/\/notseig.fr\/mentions-legales\/","url":"https:\/\/notseig.fr\/mentions-legales\/","name":"Mentions l\u00e9gales - Notseig","isPartOf":{"@id":"https:\/\/notseig.fr\/#website"},"datePublished":"2022-11-07T11:49:55+00:00","dateModified":"2022-11-07T11:50:54+00:00","breadcrumb":{"@id":"https:\/\/notseig.fr\/mentions-legales\/#breadcrumb"},"inLanguage":"en-US","potentialAction":[{"@type":"ReadAction","target":["https:\/\/notseig.fr\/mentions-legales\/"]}]},{"@type":"BreadcrumbList","@id":"https:\/\/notseig.fr\/mentions-legales\/#breadcrumb","itemListElement":[{"@type":"ListItem","position":1,"name":"Accueil","item":"https:\/\/notseig.fr\/"},{"@type":"ListItem","position":2,"name":"Mentions l\u00e9gales"}]},{"@type":"WebSite","@id":"https:\/\/notseig.fr\/#website","url":"https:\/\/notseig.fr\/","name":"Notseig","description":"","publisher":{"@id":"https:\/\/notseig.fr\/#\/schema\/person\/5bd818343fca3f6a29e95ee189439d8c"},"potentialAction":[{"@type":"SearchAction","target":{"@type":"EntryPoint","urlTemplate":"https:\/\/notseig.fr\/?s={search_term_string}"},"query-input":{"@type":"PropertyValueSpecification","valueRequired":true,"valueName":"search_term_string"}}],"inLanguage":"en-US"},{"@type":["Person","Organization"],"@id":"https:\/\/notseig.fr\/#\/schema\/person\/5bd818343fca3f6a29e95ee189439d8c","name":"Notseig","image":{"@type":"ImageObject","inLanguage":"en-US","@id":"https:\/\/notseig.fr\/#\/schema\/person\/image\/","url":"https:\/\/2o11nsbymvl.preview.infomaniak.website\/wp-content\/uploads\/2024\/09\/cropped-logo-2-scaled-1.jpg","contentUrl":"https:\/\/2o11nsbymvl.preview.infomaniak.website\/wp-content\/uploads\/2024\/09\/cropped-logo-2-scaled-1.jpg","width":512,"height":512,"caption":"Notseig"},"logo":{"@id":"https:\/\/notseig.fr\/#\/schema\/person\/image\/"}}]}},"_links":{"self":[{"href":"https:\/\/notseig.fr\/en\/wp-json\/wp\/v2\/pages\/4470","targetHints":{"allow":["GET"]}}],"collection":[{"href":"https:\/\/notseig.fr\/en\/wp-json\/wp\/v2\/pages"}],"about":[{"href":"https:\/\/notseig.fr\/en\/wp-json\/wp\/v2\/types\/page"}],"author":[{"embeddable":true,"href":"https:\/\/notseig.fr\/en\/wp-json\/wp\/v2\/users\/1"}],"replies":[{"embeddable":true,"href":"https:\/\/notseig.fr\/en\/wp-json\/wp\/v2\/comments?post=4470"}],"version-history":[{"count":7,"href":"https:\/\/notseig.fr\/en\/wp-json\/wp\/v2\/pages\/4470\/revisions"}],"predecessor-version":[{"id":4477,"href":"https:\/\/notseig.fr\/en\/wp-json\/wp\/v2\/pages\/4470\/revisions\/4477"}],"wp:attachment":[{"href":"https:\/\/notseig.fr\/en\/wp-json\/wp\/v2\/media?parent=4470"}],"curies":[{"name":"wp","href":"https:\/\/api.w.org\/{rel}","templated":true}]}}